{"id":401,"date":"2022-03-18T13:28:04","date_gmt":"2022-03-18T13:28:04","guid":{"rendered":"https:\/\/creerespoder.flowragency.be\/?page_id=401"},"modified":"2022-05-12T12:14:08","modified_gmt":"2022-05-12T12:14:08","slug":"politique-de-confidentialite","status":"publish","type":"page","link":"https:\/\/creerespoderjuntos.fr\/es\/politique-de-confidentialite\/","title":{"rendered":"Pol\u00edtica de privacidad"},"content":{"rendered":"<div data-elementor-type=\"wp-page\" data-elementor-id=\"401\" class=\"elementor elementor-401\" data-elementor-post-type=\"page\">\n\t\t\t\t\t\t<div class=\"elementor-inner\">\n\t\t\t\t<div class=\"elementor-section-wrap\">\n\t\t\t\t\t\t\t\t\t<section class=\"elementor-section elementor-top-section elementor-element elementor-element-37232cc elementor-section-boxed elementor-section-height-default elementor-section-height-default\" data-id=\"37232cc\" data-element_type=\"section\">\n\t\t\t\t\t\t<div class=\"elementor-container elementor-column-gap-default\">\n\t\t\t\t\t\t\t<div class=\"elementor-row\">\n\t\t\t\t\t<div class=\"elementor-column elementor-col-100 elementor-top-column elementor-element elementor-element-b75e051\" data-id=\"b75e051\" data-element_type=\"column\">\n\t\t\t<div class=\"elementor-column-wrap elementor-element-populated\">\n\t\t\t\t\t\t\t<div class=\"elementor-widget-wrap\">\n\t\t\t\t\t\t<div class=\"elementor-element elementor-element-42b0d21 elementor-widget elementor-widget-heading\" data-id=\"42b0d21\" data-element_type=\"widget\" id=\"legale\" data-widget_type=\"heading.default\">\n\t\t\t\t<div class=\"elementor-widget-container\">\n\t\t\t<h2 class=\"elementor-heading-title elementor-size-default\">Informaci\u00f3n legal<\/h2>\t\t<\/div>\n\t\t\t\t<\/div>\n\t\t\t\t\t\t<\/div>\n\t\t\t\t\t<\/div>\n\t\t<\/div>\n\t\t\t\t\t\t\t\t<\/div>\n\t\t\t\t\t<\/div>\n\t\t<\/section>\n\t\t\t\t<section class=\"elementor-section elementor-inner-section elementor-element elementor-element-4042aa12 elementor-section-boxed elementor-section-height-default elementor-section-height-default\" data-id=\"4042aa12\" data-element_type=\"section\">\n\t\t\t\t\t\t<div class=\"elementor-container elementor-column-gap-wide\">\n\t\t\t\t\t\t\t<div class=\"elementor-row\">\n\t\t\t\t\t<div class=\"elementor-column elementor-col-33 elementor-inner-column elementor-element elementor-element-c3018fd\" data-id=\"c3018fd\" data-element_type=\"column\">\n\t\t\t<div class=\"elementor-column-wrap elementor-element-populated\">\n\t\t\t\t\t\t\t<div class=\"elementor-widget-wrap\">\n\t\t\t\t\t\t<div class=\"elementor-element elementor-element-7239c42c elementor-widget elementor-widget-heading\" data-id=\"7239c42c\" data-element_type=\"widget\" data-widget_type=\"heading.default\">\n\t\t\t\t<div class=\"elementor-widget-container\">\n\t\t\t<h2 class=\"elementor-heading-title elementor-size-default\">Creer es poder juntos<\/h2>\t\t<\/div>\n\t\t\t\t<\/div>\n\t\t\t\t<div class=\"elementor-element elementor-element-66309a4c elementor-widget elementor-widget-image\" data-id=\"66309a4c\" data-element_type=\"widget\" data-widget_type=\"image.default\">\n\t\t\t\t<div class=\"elementor-widget-container\">\n\t\t\t\t\t\t\t\t<div class=\"elementor-image\">\n\t\t\t\t\t\t\t\t\t\t\t\t<img loading=\"lazy\" decoding=\"async\" width=\"474\" height=\"383\" src=\"https:\/\/creerespoderjuntos.fr\/wp-content\/uploads\/2021\/11\/Creer-es-poder-juntos-logo.svg\" class=\"attachment-full size-full wp-image-353\" alt=\"-\" title=\"\">\t\t\t\t\t\t\t\t\t\t\t\t\t\t<\/div>\n\t\t\t\t\t\t<\/div>\n\t\t\t\t<\/div>\n\t\t\t\t<div class=\"elementor-element elementor-element-17e30a3c elementor-widget elementor-widget-text-editor\" data-id=\"17e30a3c\" data-element_type=\"widget\" data-widget_type=\"text-editor.default\">\n\t\t\t\t<div class=\"elementor-widget-container\">\n\t\t\t\t\t\t\t\t<div class=\"elementor-text-editor elementor-clearfix\">\n\t\t\t\t<p><strong>Empresa :\u00a0<\/strong>Creer Es Poder Juntos<\/p>\n<p><strong>SIREN : <\/strong>911981371<\/p>\n<p><strong>ARN<\/strong>\u00a0<strong>:\u00a0<\/strong> W832020654<\/p>\n<p><strong>Direcci\u00f3n: <\/strong>3043 Avenue de la R\u00e9sistance 83000 Toulon<\/p>\n<p><strong>Tel\u00e9fono :\u00a0<\/strong><span class=\"elementor-icon-list-text\"><a href=\"telto:0670940732\">(+33) 670940732<\/a><br \/><\/span><\/p>\n<p><strong>Correo: <\/strong><a href=\"mailto:creerespoderjuntos@yahoo.com\"><span class=\"elementor-icon-list-text\">creerespoderjuntos@yahoo.com<\/span><\/a><\/p>\t\t\t\t\t<\/div>\n\t\t\t\t\t\t<\/div>\n\t\t\t\t<\/div>\n\t\t\t\t\t\t<\/div>\n\t\t\t\t\t<\/div>\n\t\t<\/div>\n\t\t\t\t<div class=\"elementor-column elementor-col-33 elementor-inner-column elementor-element elementor-element-6814d0c9\" data-id=\"6814d0c9\" data-element_type=\"column\">\n\t\t\t<div class=\"elementor-column-wrap elementor-element-populated\">\n\t\t\t\t\t\t\t<div class=\"elementor-widget-wrap\">\n\t\t\t\t\t\t<div class=\"elementor-element elementor-element-9a90436 elementor-widget elementor-widget-heading\" data-id=\"9a90436\" data-element_type=\"widget\" data-widget_type=\"heading.default\">\n\t\t\t\t<div class=\"elementor-widget-container\">\n\t\t\t<h2 class=\"elementor-heading-title elementor-size-default\">Dise\u00f1o web<\/h2>\t\t<\/div>\n\t\t\t\t<\/div>\n\t\t\t\t<div class=\"elementor-element elementor-element-26e6756e elementor-view-default elementor-widget elementor-widget-icon\" data-id=\"26e6756e\" data-element_type=\"widget\" data-widget_type=\"icon.default\">\n\t\t\t\t<div class=\"elementor-widget-container\">\n\t\t\t\t\t<div class=\"elementor-icon-wrapper\">\n\t\t\t<div class=\"elementor-icon\">\n\t\t\t<i aria-hidden=\"true\" class=\"fas fa-desktop\"><\/i>\t\t\t<\/div>\n\t\t<\/div>\n\t\t\t\t<\/div>\n\t\t\t\t<\/div>\n\t\t\t\t<div class=\"elementor-element elementor-element-7368c5c2 elementor-widget elementor-widget-text-editor\" data-id=\"7368c5c2\" data-element_type=\"widget\" data-widget_type=\"text-editor.default\">\n\t\t\t\t<div class=\"elementor-widget-container\">\n\t\t\t\t\t\t\t\t<div class=\"elementor-text-editor elementor-clearfix\">\n\t\t\t\t<p><strong>Empresa :\u00a0<\/strong>Agencia Flowr<\/p><p><b>N\u00ba de empresa : <\/b>C-95600<\/p><p><strong>Direcci\u00f3n: <\/strong>64 Triq San Frangisk, Bormla BLM 9064, Malta<\/p><p><a href=\"http:\/\/www.flowragency.com\/\" target=\"_blank\" rel=\"noopener\">www.flowragency.com<\/a><br \/><a href=\"mailto:hello@flowragency.com\">hello@flowragency.com<\/a><\/p><p>\u00a0<\/p>\t\t\t\t\t<\/div>\n\t\t\t\t\t\t<\/div>\n\t\t\t\t<\/div>\n\t\t\t\t\t\t<\/div>\n\t\t\t\t\t<\/div>\n\t\t<\/div>\n\t\t\t\t<div class=\"elementor-column elementor-col-33 elementor-inner-column elementor-element elementor-element-1fa23359\" data-id=\"1fa23359\" data-element_type=\"column\">\n\t\t\t<div class=\"elementor-column-wrap elementor-element-populated\">\n\t\t\t\t\t\t\t<div class=\"elementor-widget-wrap\">\n\t\t\t\t\t\t<div class=\"elementor-element elementor-element-7858083a elementor-widget elementor-widget-heading\" data-id=\"7858083a\" data-element_type=\"widget\" data-widget_type=\"heading.default\">\n\t\t\t\t<div class=\"elementor-widget-container\">\n\t\t\t<h2 class=\"elementor-heading-title elementor-size-default\">Anfitri\u00f3n<\/h2>\t\t<\/div>\n\t\t\t\t<\/div>\n\t\t\t\t<div class=\"elementor-element elementor-element-1f97e0a0 elementor-view-default elementor-widget elementor-widget-icon\" data-id=\"1f97e0a0\" data-element_type=\"widget\" data-widget_type=\"icon.default\">\n\t\t\t\t<div class=\"elementor-widget-container\">\n\t\t\t\t\t<div class=\"elementor-icon-wrapper\">\n\t\t\t<div class=\"elementor-icon\">\n\t\t\t<i aria-hidden=\"true\" class=\"fas fa-server\"><\/i>\t\t\t<\/div>\n\t\t<\/div>\n\t\t\t\t<\/div>\n\t\t\t\t<\/div>\n\t\t\t\t<div class=\"elementor-element elementor-element-63a22cfb elementor-widget elementor-widget-text-editor\" data-id=\"63a22cfb\" data-element_type=\"widget\" data-widget_type=\"text-editor.default\">\n\t\t\t\t<div class=\"elementor-widget-container\">\n\t\t\t\t\t\t\t\t<div class=\"elementor-text-editor elementor-clearfix\">\n\t\t\t\t<p><strong>Empresa : <\/strong>LWS<\/p><p><b>SIRET : <\/b>85199368300024<\/p><p><strong>Direcci\u00f3n:<\/strong>10 Rue Panthi\u00e8vre - 75008 Par\u00eds<\/p><p>\u00a0<\/p>\t\t\t\t\t<\/div>\n\t\t\t\t\t\t<\/div>\n\t\t\t\t<\/div>\n\t\t\t\t\t\t<\/div>\n\t\t\t\t\t<\/div>\n\t\t<\/div>\n\t\t\t\t\t\t\t\t<\/div>\n\t\t\t\t\t<\/div>\n\t\t<\/section>\n\t\t\t\t<section class=\"elementor-section elementor-top-section elementor-element elementor-element-c369c9c elementor-section-boxed elementor-section-height-default elementor-section-height-default\" data-id=\"c369c9c\" data-element_type=\"section\">\n\t\t\t\t\t\t<div class=\"elementor-container elementor-column-gap-default\">\n\t\t\t\t\t\t\t<div class=\"elementor-row\">\n\t\t\t\t\t<div class=\"elementor-column elementor-col-100 elementor-top-column elementor-element elementor-element-da0e4af\" data-id=\"da0e4af\" data-element_type=\"column\">\n\t\t\t<div class=\"elementor-column-wrap elementor-element-populated\">\n\t\t\t\t\t\t\t<div class=\"elementor-widget-wrap\">\n\t\t\t\t\t\t<div class=\"elementor-element elementor-element-351b6f1 elementor-widget elementor-widget-heading\" data-id=\"351b6f1\" data-element_type=\"widget\" data-widget_type=\"heading.default\">\n\t\t\t\t<div class=\"elementor-widget-container\">\n\t\t\t<h2 class=\"elementor-heading-title elementor-size-default\">Pol\u00edtica de privacidad<\/h2>\t\t<\/div>\n\t\t\t\t<\/div>\n\t\t\t\t\t\t<\/div>\n\t\t\t\t\t<\/div>\n\t\t<\/div>\n\t\t\t\t\t\t\t\t<\/div>\n\t\t\t\t\t<\/div>\n\t\t<\/section>\n\t\t\t\t<section class=\"elementor-section elementor-top-section elementor-element elementor-element-12ef3c43 elementor-section-boxed elementor-section-height-default elementor-section-height-default\" data-id=\"12ef3c43\" data-element_type=\"section\">\n\t\t\t\t\t\t<div class=\"elementor-container elementor-column-gap-default\">\n\t\t\t\t\t\t\t<div class=\"elementor-row\">\n\t\t\t\t\t<div class=\"elementor-column elementor-col-100 elementor-top-column elementor-element elementor-element-553d6f58\" data-id=\"553d6f58\" data-element_type=\"column\">\n\t\t\t<div class=\"elementor-column-wrap elementor-element-populated\">\n\t\t\t\t\t\t\t<div class=\"elementor-widget-wrap\">\n\t\t\t\t\t\t<div class=\"elementor-element elementor-element-30e370dc elementor-widget elementor-widget-text-editor\" data-id=\"30e370dc\" data-element_type=\"widget\" data-widget_type=\"text-editor.default\">\n\t\t\t\t<div class=\"elementor-widget-container\">\n\t\t\t\t\t\t\t\t<div class=\"elementor-text-editor elementor-clearfix\">\n\t\t\t\t<!-- wp:paragraph -->\n<p class=\"p1\"><b>Condiciones generales de uso del sitio y de los servicios ofrecidos.<\/b><\/p>\n<p class=\"p1\">El Sitio constituye una obra intelectual protegida por las disposiciones del C\u00f3digo de la Propiedad Intelectual y los Reglamentos Internacionales aplicables. El Cliente no podr\u00e1 en ning\u00fan caso reutilizar, transferir o explotar por cuenta propia la totalidad o parte de los elementos o trabajos del Sitio.<\/p>\n<p class=\"p1\">El uso del sitio implica la plena aceptaci\u00f3n de las condiciones generales de uso descritas a continuaci\u00f3n. Estas condiciones de uso pueden ser modificadas o complementadas en cualquier momento, por lo que se invita a los usuarios del sitio a consultarlas regularmente.<\/p>\n<p class=\"p1\">Este sitio web es normalmente accesible para los usuarios en todo momento. No obstante, una interrupci\u00f3n por mantenimiento t\u00e9cnico puede ser decidida por , que se esforzar\u00e1 por informar a los usuarios con antelaci\u00f3n de las fechas y horas de la intervenci\u00f3n. El responsable actualiza peri\u00f3dicamente el sitio web. Del mismo modo, los avisos legales pueden modificarse en cualquier momento: no obstante, son vinculantes para el usuario, al que se invita a consultarlos con la mayor frecuencia posible para tomar nota de ellos.<\/p>\n<p class=\"p1\"><b>Descripci\u00f3n de los servicios prestados.<\/b><\/p>\n<p class=\"p1\">El objetivo del sitio web es proporcionar informaci\u00f3n sobre todas las actividades de la empresa. La empresa se esfuerza por proporcionar informaci\u00f3n en el sitio web lo m\u00e1s exacta posible. Sin embargo, no se le puede responsabilizar de las omisiones, inexactitudes y deficiencias en la actualizaci\u00f3n, ya sean culpa suya o de terceros que le proporcionen esta informaci\u00f3n.<\/p>\n<p class=\"p1\">Toda la informaci\u00f3n que aparece en el sitio se da a t\u00edtulo informativo y est\u00e1 sujeta a cambios. Adem\u00e1s, la informaci\u00f3n del sitio no es exhaustiva. Se da a condici\u00f3n de que se hayan hecho modificaciones desde que se puso en l\u00ednea.<\/p>\n<p class=\"p1\"><b>Limitaciones contractuales de los datos t\u00e9cnicos.<\/b><\/p>\n<p class=\"p1\">El sitio utiliza la tecnolog\u00eda JavaScript. El sitio web no se hace responsable de los da\u00f1os materiales relacionados con el uso del sitio. Adem\u00e1s, el usuario del sitio se compromete a acceder al mismo utilizando un equipo reciente, libre de virus y con un navegador actualizado de \u00faltima generaci\u00f3n. El sitio est\u00e1 alojado en un proveedor de servicios en el territorio de la Uni\u00f3n Europea de acuerdo con las disposiciones del Reglamento General de Protecci\u00f3n de Datos (RGPD: n\u00b0 2016-679)<\/p>\n<p class=\"p1\">El objetivo es ofrecer un servicio que garantice la mejor tasa de accesibilidad. El anfitri\u00f3n garantiza la continuidad de su servicio las 24 horas del d\u00eda, todos los d\u00edas del a\u00f1o. Sin embargo, se reserva el derecho de interrumpir el servicio de alojamiento durante el menor tiempo posible, en particular para fines de mantenimiento, para mejorar su infraestructura, en caso de fallo de la infraestructura o si los Servicios generan un tr\u00e1fico considerado anormal.<\/p>\n<p class=\"p1\">Creer Es Poder Juntos y el anfitri\u00f3n no pueden ser considerados responsables en caso de mal funcionamiento de la red de Internet, de las l\u00edneas telef\u00f3nicas o de los equipos inform\u00e1ticos y de telefon\u00eda, especialmente debido a la congesti\u00f3n de la red que impida el acceso al servidor.<\/p>\n<p class=\"p1\"><b>Propiedad intelectual y falsificaci\u00f3n.<\/b><\/p>\n<p class=\"p1\">Creer Es Poder Juntos es titular de los derechos de propiedad intelectual y tiene los derechos de uso sobre todos los elementos accesibles en el sitio web, en particular los textos, im\u00e1genes, gr\u00e1ficos, logotipos, v\u00eddeos, iconos y sonidos. Se proh\u00edbe cualquier reproducci\u00f3n, representaci\u00f3n, modificaci\u00f3n, publicaci\u00f3n, adaptaci\u00f3n de la totalidad o parte de los elementos del sitio, cualquiera que sea el medio o procedimiento utilizado, salvo autorizaci\u00f3n previa por escrito del Editor.<\/p>\n<p class=\"p1\">Toda utilizaci\u00f3n no autorizada del sitio o de alguno de los elementos que contiene se considerar\u00e1 constitutiva de infracci\u00f3n y ser\u00e1 perseguida de conformidad con las disposiciones de los art\u00edculos L.335-2 y siguientes del C\u00f3digo de la Propiedad Intelectual.<\/p>\n<p class=\"p1\"><b>Limitaciones de responsabilidad.<\/b><\/p>\n<p class=\"p1\">Creer Es Poder Juntos act\u00faa como editor del sitio web. El editor es responsable de la calidad y veracidad de los Contenidos que publica.<\/p>\n<p class=\"p1\">Creer Es Poder Juntos no se hace responsable de los da\u00f1os directos e indirectos causados en el equipo del usuario al acceder al sitio web, y que sean consecuencia bien del uso de un equipo que no cumpla las especificaciones indicadas en el punto 4, bien de la aparici\u00f3n de un error o incompatibilidad.<\/p>\n<p class=\"p1\">Creer Es Poder Juntos no se hace responsable de los da\u00f1os indirectos (como la p\u00e9rdida de mercado o la p\u00e9rdida de oportunidades) resultantes del uso del sitio. Los usuarios tienen a su disposici\u00f3n zonas interactivas (posibilidad de hacer preguntas en la zona de contacto). Es Poder Juntos se reserva el derecho de eliminar, sin previo aviso, cualquier contenido publicado en esta zona que contravenga la legislaci\u00f3n aplicable en Francia, en particular las disposiciones relativas a la protecci\u00f3n de datos. En caso de ser necesario, la empresa se reserva tambi\u00e9n el derecho de exigir la responsabilidad civil y\/o penal del usuario, especialmente en el caso de mensajes de car\u00e1cter racista, insultante, difamatorio o pornogr\u00e1fico, sea cual sea el medio utilizado.<\/p>\n<p class=\"p1\">El Cliente est\u00e1 informado de la normativa relativa a la comunicaci\u00f3n de marketing, la ley de 21 de junio de 2014 para la confianza en la Econom\u00eda Digital, la Ley de Protecci\u00f3n de Datos de 06 de agosto de 2004, as\u00ed como el Reglamento General de Protecci\u00f3n de Datos (RGPD: n\u00b0 2016-679).<\/p>\n<p class=\"p1\"><b>Responsables de la recogida de datos personales<\/b><\/p>\n<p class=\"p1\">Para los Datos Personales recogidos en el marco de la creaci\u00f3n de la cuenta personal del Usuario y la navegaci\u00f3n en el Sitio Web, el responsable del tratamiento de los Datos Personales es: Creer Es Poder Juntos<\/p>\n<p class=\"p1\">Como responsable del tratamiento de los datos que recoge, se compromete a respetar las disposiciones legales vigentes. En particular, es responsabilidad del Cliente establecer las finalidades de su tratamiento de datos, proporcionar a sus prospectos y clientes, desde el momento de la recogida de su consentimiento, informaci\u00f3n completa sobre el tratamiento de sus datos personales y mantener un registro del tratamiento de acuerdo con la realidad. Siempre que procesa Datos Personales, toma todas las medidas razonables para garantizar que los Datos Personales son exactos y pertinentes para los fines para los que se procesan.<\/p>\n<p class=\"p1\"><b>Finalidad de los datos recogidos<\/b><\/p>\n<p class=\"p1\">Creer Es Poder Juntos podr\u00e1 tratar la totalidad o parte de los datos:<\/p>\n<ul class=\"ul1\">\n<li class=\"li2\"><span class=\"s1\">permitir la navegaci\u00f3n en el Sitio y la gesti\u00f3n y trazabilidad de los servicios solicitados por el usuario: datos de conexi\u00f3n y uso del Sitio, facturaci\u00f3n, historial de pedidos, etc.<\/span><\/li>\n<li class=\"li2\"><span class=\"s1\">para prevenir y luchar contra el fraude inform\u00e1tico (spamming, hacking...): equipo inform\u00e1tico utilizado para la navegaci\u00f3n, direcci\u00f3n IP, contrase\u00f1a (hash)<\/span><\/li>\n<li class=\"li2\"><span class=\"s1\">para mejorar la navegaci\u00f3n en el Sitio: datos de conexi\u00f3n y uso<\/span><\/li>\n<li class=\"li2\"><span class=\"s1\">para realizar encuestas de satisfacci\u00f3n opcionales en: direcci\u00f3n de correo electr\u00f3nico<\/span><\/li>\n<li class=\"li2\"><span class=\"s1\">para realizar campa\u00f1as de comunicaci\u00f3n (sms, correo electr\u00f3nico): n\u00famero de tel\u00e9fono, direcci\u00f3n de correo electr\u00f3nico<\/span><\/li>\n<\/ul>\n<p class=\"p1\">Creer Es Poder Juntos no comercializa sus datos personales, por lo que s\u00f3lo se utilizan con fines estad\u00edsticos y de an\u00e1lisis.<\/p>\n<p class=\"p1\"><b>Derecho de acceso, rectificaci\u00f3n y oposici\u00f3n<\/b><\/p>\n<p class=\"p1\">De acuerdo con la normativa europea vigente, los usuarios del sitio web tienen los siguientes derechos:<\/p>\n<ul class=\"ul1\">\n<li class=\"li2\"><span class=\"s1\">derecho de acceso (art\u00edculo 15 RGPD) y rectificaci\u00f3n (art\u00edculo 16 RGPD), actualizaci\u00f3n, integridad de los datos de los Usuarios derecho de bloqueo o supresi\u00f3n de los datos personales de los Usuarios (art\u00edculo 17 RGPD), cuando sean inexactos, incompletos, equ\u00edvocos, obsoletos, o cuya recogida, uso, comunicaci\u00f3n o almacenamiento est\u00e9 prohibido<\/span><\/li>\n<li class=\"li2\"><span class=\"s1\">derecho a retirar el consentimiento en cualquier momento (art\u00edculo 13-2c del RGPD)<\/span><\/li>\n<li class=\"li2\"><span class=\"s1\">derecho a restringir el tratamiento de los datos de los usuarios (art\u00edculo 18 del RGPD)<\/span><\/li>\n<li class=\"li2\"><span class=\"s1\">derecho a oponerse al tratamiento de los datos de los usuarios (art\u00edculo 21 del RGPD)<\/span><\/li>\n<li class=\"li2\"><span class=\"s1\">el derecho a la portabilidad de los datos facilitados por los usuarios, cuando dichos datos sean objeto de un tratamiento automatizado basado en su consentimiento o en un contrato (art\u00edculo 20 del RGPD)<\/span><\/li>\n<li class=\"li2\"><span class=\"s1\">el derecho a definir el destino de los datos de los usuarios tras su fallecimiento y a elegir a qui\u00e9n deben comunicarse (o no) sus datos a un tercero que haya designado previamente<\/span><\/li>\n<\/ul>\n<p class=\"p1\">Tan pronto como tenga conocimiento del fallecimiento de un Usuario y en ausencia de instrucciones por su parte, se compromete a destruir sus datos, excepto si su conservaci\u00f3n es necesaria a efectos probatorios o para cumplir una obligaci\u00f3n legal.<\/p>\n<p class=\"p1\">Si el Usuario desea conocer el uso de sus Datos Personales, solicitar su rectificaci\u00f3n u oponerse a su tratamiento, puede dirigirse por escrito a la siguiente direcci\u00f3n<\/p>\n<p class=\"p3\"><span class=\"s2\"><a href=\"mailto:creerespoderjuntos@yahoo.com\">creerespoderjuntos@yahoo.com<\/a><\/span><\/p>\n<p class=\"p1\">En este caso, el Usuario deber\u00e1 indicar los Datos Personales que desea que sean corregidos, actualizados o eliminados, identific\u00e1ndose de forma precisa con una copia de un documento de identidad (DNI o pasaporte).<\/p>\n<p class=\"p1\">Las solicitudes de supresi\u00f3n de datos personales estar\u00e1n sujetas a las obligaciones impuestas por la ley, en particular en lo que respecta a la conservaci\u00f3n o el archivo de documentos. Por \u00faltimo, los usuarios pueden presentar una reclamaci\u00f3n ante las autoridades de control, y en particular ante la CNIL (https:\/\/www.cnil.fr\/fr\/plaintes).<\/p>\n<p class=\"p1\"><b>No divulgaci\u00f3n de datos personales<\/b><\/p>\n<p class=\"p1\">Creer Es Poder Juntos no tratar\u00e1, alojar\u00e1 o transferir\u00e1 la Informaci\u00f3n recopilada sobre sus Clientes a un pa\u00eds fuera de la Uni\u00f3n Europea o reconocido como \"no adecuado\" por la Comisi\u00f3n Europea sin notificarlo previamente al cliente. No obstante, Juntos Juntos sigue siendo libre de elegir a sus subcontratistas t\u00e9cnicos y comerciales siempre que presenten garant\u00edas suficientes respecto a los requisitos del Reglamento General de Protecci\u00f3n de Datos (GDPR: n\u00ba 2016-679).<\/p>\n<p class=\"p1\">Creer Es Poder Juntos se compromete a tomar todas las precauciones necesarias para preservar la seguridad de la Informaci\u00f3n y, en particular, para que no sea comunicada a personas no autorizadas. No obstante, si se pone en conocimiento de , un incidente que afecte a la integridad o confidencialidad de la Informaci\u00f3n del Cliente, deber\u00e1 informar lo antes posible al Cliente y comunicarle las medidas correctoras adoptadas. Adem\u00e1s, no recoge ning\u00fan \"dato sensible\".<\/p>\n<p class=\"p1\">Los datos personales del usuario pueden ser tratados por filiales y subcontratistas (proveedores de servicios) exclusivamente para los fines de esta pol\u00edtica.<\/p>\n<p class=\"p1\">Dentro de los l\u00edmites de sus respectivas atribuciones y para los fines mencionados anteriormente, las principales personas susceptibles de tener acceso a los datos de los Usuarios son principalmente los agentes de nuestro servicio de atenci\u00f3n al cliente.<\/p>\n<p class=\"p1\"><b>Tipos de datos recogidos<\/b><\/p>\n<p class=\"p1\">Con respecto a los usuarios de un Sitio, recopilamos los siguientes datos que son esenciales para el funcionamiento del servicio, y que se conservar\u00e1n durante un per\u00edodo m\u00e1ximo de meses despu\u00e9s de la finalizaci\u00f3n de la relaci\u00f3n contractual:<\/p>\n<p class=\"p1\">Creer Es Poder Juntos tambi\u00e9n recoge informaci\u00f3n que mejora la experiencia del usuario y ofrece consejos contextualizados:<\/p>\n<p class=\"p1\">Estos datos se conservan durante un m\u00e1ximo de un mes tras la finalizaci\u00f3n de la relaci\u00f3n contractual.<\/p>\n<p class=\"p1\"><b>Notificaci\u00f3n de incidentes.<\/b><\/p>\n<p class=\"p1\">A pesar de nuestros esfuerzos, ning\u00fan m\u00e9todo de transmisi\u00f3n por Internet y ning\u00fan m\u00e9todo de almacenamiento electr\u00f3nico es completamente seguro. Por lo tanto, no podemos garantizar una seguridad absoluta. Si tenemos conocimiento de una violaci\u00f3n de la seguridad, lo notificaremos a los usuarios afectados para que puedan tomar las medidas oportunas. Nuestros procedimientos de notificaci\u00f3n de incidentes tienen en cuenta nuestras obligaciones legales, tanto a nivel nacional como europeo. Nos comprometemos a mantener a nuestros clientes plenamente informados de todos los asuntos relacionados con la seguridad de su cuenta y a proporcionarles toda la informaci\u00f3n necesaria para ayudarles a cumplir sus propias obligaciones de informaci\u00f3n reglamentaria.<\/p>\n<p class=\"p1\">Ninguna informaci\u00f3n personal del usuario del sitio se publica sin el conocimiento del usuario, se intercambia, se transfiere, se cede o se vende en ning\u00fan medio a terceros. S\u00f3lo la asunci\u00f3n de la recompra de y sus derechos permitir\u00eda la transmisi\u00f3n de la citada informaci\u00f3n al eventual comprador que a su vez tendr\u00eda la misma obligaci\u00f3n de conservaci\u00f3n y modificaci\u00f3n de los datos respecto al usuario del sitio.<\/p>\n<p class=\"p1\">Para garantizar la seguridad y la confidencialidad de los Datos Personales y de los Datos Personales de Salud, utiliza redes protegidas por elementos est\u00e1ndar como cortafuegos, seudonimizaci\u00f3n, cifrado y contrase\u00f1as.<\/p>\n<p class=\"p1\">Cuando procesa datos personales, toma todas las medidas razonables para protegerlos de la p\u00e9rdida, el uso indebido, el acceso no autorizado, la divulgaci\u00f3n, la alteraci\u00f3n o la destrucci\u00f3n.<\/p>\n<p class=\"p1\"><b>Enlaces de hipertexto, cookies y etiquetas de Internet<\/b><\/p>\n<p class=\"p1\">El sitio contiene una serie de hiperv\u00ednculos a otros sitios, establecidos con la autorizaci\u00f3n de . Sin embargo, no estamos en condiciones de comprobar el contenido de los sitios visitados de este modo y, por consiguiente, no podemos aceptar ninguna responsabilidad al respecto.<\/p>\n<p class=\"p1\">A menos que decida desactivar las cookies, usted acepta que el sitio pueda utilizarlas. Usted puede desactivar estas cookies en cualquier momento, de forma gratuita, utilizando las opciones de desactivaci\u00f3n que se le ofrecen y que se recuerdan a continuaci\u00f3n, teniendo en cuenta que esto puede reducir o impedir el acceso a la totalidad o parte de los Servicios ofrecidos por el sitio.<\/p>\n<p class=\"p1\"><b>\"COOKIES<\/b><\/p>\n<p class=\"p1\">Una \"cookie\" es un peque\u00f1o archivo de informaci\u00f3n que se env\u00eda al navegador del Usuario y que se almacena dentro del terminal del Usuario (por ejemplo, ordenador, smartphone), (en adelante, \"Cookies\"). Este archivo incluye informaci\u00f3n como el nombre de dominio del usuario, el proveedor de servicios de Internet del usuario, el sistema operativo del usuario y la fecha y hora de acceso. Las cookies no da\u00f1an de ninguna manera el terminal del Usuario.<\/p>\n<p class=\"p1\">Creer Es Poder Juntos podr\u00e1 tratar informaci\u00f3n sobre la visita del Usuario al Sitio Web, como las p\u00e1ginas consultadas y las b\u00fasquedas realizadas. Esta informaci\u00f3n se utiliza para mejorar el contenido del sitio web y la navegaci\u00f3n del usuario.<\/p>\n<p class=\"p1\">Dado que las Cookies facilitan la navegaci\u00f3n y\/o la prestaci\u00f3n de los servicios ofrecidos por el Sitio, el Usuario podr\u00e1 configurar su navegador para que le permita decidir si las acepta o no, de forma que las Cookies queden registradas en el terminal o, por el contrario, sean rechazadas, bien de forma sistem\u00e1tica o en funci\u00f3n de su emisor. El Usuario tambi\u00e9n puede configurar su software de navegaci\u00f3n de forma que se le ofrezca la aceptaci\u00f3n o el rechazo de las Cookies cada cierto tiempo, antes de que una Cookie pueda quedar registrada en su terminal. informa al Usuario de que, en este caso, es posible que no est\u00e9n disponibles todas las funcionalidades de su software de navegaci\u00f3n.<\/p>\n<p class=\"p1\">Si el Usuario rechaza el almacenamiento de Cookies en su terminal o navegador, o si elimina las almacenadas, se le informa de que su navegaci\u00f3n y experiencia en el Sitio puede verse limitada. Tambi\u00e9n podr\u00eda darse el caso de que, o uno de sus proveedores de servicios, no pudiera reconocer, por motivos de compatibilidad t\u00e9cnica, el tipo de navegador utilizado por el terminal, el idioma y la configuraci\u00f3n de la pantalla o el pa\u00eds desde el que el terminal parece estar conectado a Internet.<\/p>\n<p class=\"p1\">En su caso, declina toda responsabilidad por las consecuencias vinculadas al funcionamiento degradado del Sitio y de los servicios que pueda ofrecer , resultantes de (i) el rechazo de las Cookies por parte del Usuario (ii) la imposibilidad de guardar o consultar las Cookies necesarias para su funcionamiento debido a la elecci\u00f3n del Usuario. Para la gesti\u00f3n de las Cookies y las elecciones del Usuario, la configuraci\u00f3n de cada navegador es diferente. Se describe en el men\u00fa de ayuda del navegador, que mostrar\u00e1 c\u00f3mo el Usuario puede modificar sus deseos respecto a las Cookies.<\/p>\n<p class=\"p1\">En cualquier momento, el Usuario puede optar por expresar y modificar sus deseos con respecto a las Cookies. tambi\u00e9n puede utilizar los servicios de proveedores de servicios externos para ayudarle a recoger y procesar la informaci\u00f3n descrita en esta secci\u00f3n.<\/p>\n<p class=\"p1\">Por \u00faltimo, al hacer clic en los iconos dedicados a las redes sociales Twitter, Facebook, Linkedin y Google Plus que aparecen en el Sitio Web o en su aplicaci\u00f3n m\u00f3vil y si el Usuario ha aceptado el dep\u00f3sito de cookies al continuar navegando por el Sitio Web o la aplicaci\u00f3n m\u00f3vil de , Twitter, Facebook, Linkedin y Google Plus tambi\u00e9n podr\u00e1n depositar cookies en sus terminales (ordenador, tableta, tel\u00e9fono m\u00f3vil).<\/p>\n<p class=\"p1\">Este tipo de cookies s\u00f3lo se depositan en sus terminales si usted da su consentimiento, al continuar su navegaci\u00f3n por el Sitio Web o la aplicaci\u00f3n m\u00f3vil de . No obstante, el Usuario puede revocar en cualquier momento su consentimiento para el dep\u00f3sito de este tipo de cookies.<\/p>\n<p class=\"p1\"><b>ETIQUETAS DE INTERNET<\/b><\/p>\n<p class=\"p1\">Creer Es Poder Juntos puede emplear ocasionalmente balizas web (tambi\u00e9n conocidas como \"etiquetas\", etiquetas de acci\u00f3n, GIFs de un solo p\u00edxel, GIFs transparentes, GIFs invisibles y GIFs uno a uno) y desplegarlas a trav\u00e9s de un socio de an\u00e1lisis web que puede estar ubicado (y por lo tanto almacenar la informaci\u00f3n correspondiente, incluyendo la direcci\u00f3n IP del Usuario) en un pa\u00eds extranjero.<\/p>\n<p class=\"p1\">Estas etiquetas se colocan tanto en los anuncios en l\u00ednea que permiten a los usuarios acceder al Sitio como en las distintas p\u00e1ginas del mismo.<\/p>\n<p class=\"p1\">Esta tecnolog\u00eda nos permite evaluar las respuestas de los visitantes al Sitio y la eficacia de sus acciones (por ejemplo, el n\u00famero de veces que se abre una p\u00e1gina y la informaci\u00f3n consultada), as\u00ed como el uso de este Sitio por parte del Usuario.<\/p>\n<p class=\"p1\">El proveedor de servicios externo puede recopilar informaci\u00f3n sobre los visitantes del Sitio y de otros sitios web mediante el uso de estas etiquetas, recopilar informes sobre la actividad del Sitio para , y proporcionar otros servicios relacionados con el uso del Sitio y de Internet.<\/p>\n<p class=\"p1\"><b>Legislaci\u00f3n y jurisdicci\u00f3n aplicables.<\/b><\/p>\n<p class=\"p1\">Cualquier litigio relacionado con el uso del sitio est\u00e1 sujeto a la legislaci\u00f3n francesa.<\/p>\n<!-- \/wp:paragraph -->\t\t\t\t\t<\/div>\n\t\t\t\t\t\t<\/div>\n\t\t\t\t<\/div>\n\t\t\t\t\t\t<\/div>\n\t\t\t\t\t<\/div>\n\t\t<\/div>\n\t\t\t\t\t\t\t\t<\/div>\n\t\t\t\t\t<\/div>\n\t\t<\/section>\n\t\t\t\t\t\t\t\t\t<\/div>\n\t\t\t<\/div>\n\t\t\t\t\t<\/div>","protected":false},"excerpt":{"rendered":"<p>Informaci\u00f3n jur\u00eddica Creer es poder juntos Empresa : Creer Es Poder Juntos SIREN : 911981371 RNA : W832020654 Direcci\u00f3n : 3043 Avenue de la R\u00e9sistance 83000 Toulon Tel\u00e9fono : (+33) 670940732 Mail: creerespoderjuntos@yahoo.com [...]<\/p>","protected":false},"author":3,"featured_media":0,"parent":0,"menu_order":0,"comment_status":"closed","ping_status":"closed","template":"","meta":{"footnotes":""},"class_list":["post-401","page","type-page","status-publish","hentry"],"_links":{"self":[{"href":"https:\/\/creerespoderjuntos.fr\/es\/wp-json\/wp\/v2\/pages\/401","targetHints":{"allow":["GET"]}}],"collection":[{"href":"https:\/\/creerespoderjuntos.fr\/es\/wp-json\/wp\/v2\/pages"}],"about":[{"href":"https:\/\/creerespoderjuntos.fr\/es\/wp-json\/wp\/v2\/types\/page"}],"author":[{"embeddable":true,"href":"https:\/\/creerespoderjuntos.fr\/es\/wp-json\/wp\/v2\/users\/3"}],"replies":[{"embeddable":true,"href":"https:\/\/creerespoderjuntos.fr\/es\/wp-json\/wp\/v2\/comments?post=401"}],"version-history":[{"count":18,"href":"https:\/\/creerespoderjuntos.fr\/es\/wp-json\/wp\/v2\/pages\/401\/revisions"}],"predecessor-version":[{"id":2723,"href":"https:\/\/creerespoderjuntos.fr\/es\/wp-json\/wp\/v2\/pages\/401\/revisions\/2723"}],"wp:attachment":[{"href":"https:\/\/creerespoderjuntos.fr\/es\/wp-json\/wp\/v2\/media?parent=401"}],"curies":[{"name":"wp","href":"https:\/\/api.w.org\/{rel}","templated":true}]}}